{"id":33,"date":"2012-10-18T17:27:17","date_gmt":"2012-10-18T14:27:17","guid":{"rendered":"http:\/\/www.askainen.fi\/portaali\/?page_id=33"},"modified":"2024-03-09T18:13:27","modified_gmt":"2024-03-09T16:13:27","slug":"toiminta-2012","status":"publish","type":"page","link":"https:\/\/www.askainen.fi\/portaali\/askaisten-kylayhdistys\/toiminta-2012","title":{"rendered":"Askaisten kyl\u00e4yhdistyksen toimintaa"},"content":{"rendered":"<h3>Monipuolinen toiminta takaa kaikille jotain tekemist\u00e4. P\u00e4\u00e4paino on Askaisissa j\u00e4rjestett\u00e4v\u00e4ss\u00e4 toiminnassa unohtamatta yhteisty\u00f6t\u00e4 kunnan muiden yhdistysten kanssa.<\/h3>\n<p>Kyl\u00e4yhdistys auttaa talkoovoimin pit\u00e4m\u00e4\u00e4n kyl\u00e4n\u00a0el\u00e4v\u00e4n\u00e4 ja ymp\u00e4rist\u00f6n hoidettuna. Toimintamme\u00a0on monipuolista.<\/p>\n<ul>\n<li style=\"list-style-type: none;\">\n<ul>\n<li>toritoiminnan ja kahvikioskin yll\u00e4pito<\/li>\n<li>liputukset, siivoustalkoot, ymp\u00e4rist\u00f6n hoito<\/li>\n<li>tapahtumien j\u00e4rjest\u00e4minen ja niihin osallistuminen<\/li>\n<li>kyl\u00e4n asioista ja tapahtumista viestiminen<\/li>\n<\/ul>\n<\/li>\n<\/ul>\n\n\n<h2 class=\"wp-block-heading\">Askaisten kyl\u00e4yhdistyksen logo<\/h2>\n\n\n\n<p>Askaisten kyl\u00e4yhdistyksen logo syntyi koululaisten logokilpailun tuloksena.<\/p>\n\n\n\n<p><img data-recalc-dims=\"1\" loading=\"lazy\" decoding=\"async\" width=\"150\" height=\"150\" data-attachment-id=\"1544\" data-permalink=\"https:\/\/www.askainen.fi\/portaali\/akylogo-iso\" data-orig-file=\"https:\/\/i0.wp.com\/www.askainen.fi\/portaali\/wp-content\/uploads\/2015\/09\/akylogo-iso.png?fit=1250%2C1250&amp;ssl=1\" data-orig-size=\"1250,1250\" data-comments-opened=\"1\" data-image-meta=\"{&quot;aperture&quot;:&quot;0&quot;,&quot;credit&quot;:&quot;&quot;,&quot;camera&quot;:&quot;&quot;,&quot;caption&quot;:&quot;&quot;,&quot;created_timestamp&quot;:&quot;0&quot;,&quot;copyright&quot;:&quot;&quot;,&quot;focal_length&quot;:&quot;0&quot;,&quot;iso&quot;:&quot;0&quot;,&quot;shutter_speed&quot;:&quot;0&quot;,&quot;title&quot;:&quot;&quot;,&quot;orientation&quot;:&quot;0&quot;}\" data-image-title=\"akylogo iso\" data-image-description=\"\" data-image-caption=\"\" data-large-file=\"https:\/\/i0.wp.com\/www.askainen.fi\/portaali\/wp-content\/uploads\/2015\/09\/akylogo-iso.png?fit=525%2C525&amp;ssl=1\" class=\"wp-image-1544\" style=\"width: 150px;\" src=\"https:\/\/i0.wp.com\/www.askainen.fi\/portaali\/wp-content\/uploads\/2015\/09\/akylogo-iso.png?resize=150%2C150&#038;ssl=1\" alt=\"\" srcset=\"https:\/\/i0.wp.com\/www.askainen.fi\/portaali\/wp-content\/uploads\/2015\/09\/akylogo-iso.png?w=1250&amp;ssl=1 1250w, https:\/\/i0.wp.com\/www.askainen.fi\/portaali\/wp-content\/uploads\/2015\/09\/akylogo-iso.png?resize=250%2C250&amp;ssl=1 250w, https:\/\/i0.wp.com\/www.askainen.fi\/portaali\/wp-content\/uploads\/2015\/09\/akylogo-iso.png?resize=100%2C100&amp;ssl=1 100w, https:\/\/i0.wp.com\/www.askainen.fi\/portaali\/wp-content\/uploads\/2015\/09\/akylogo-iso.png?resize=350%2C350&amp;ssl=1 350w, https:\/\/i0.wp.com\/www.askainen.fi\/portaali\/wp-content\/uploads\/2015\/09\/akylogo-iso.png?resize=150%2C150&amp;ssl=1 150w, https:\/\/i0.wp.com\/www.askainen.fi\/portaali\/wp-content\/uploads\/2015\/09\/akylogo-iso.png?resize=300%2C300&amp;ssl=1 300w, https:\/\/i0.wp.com\/www.askainen.fi\/portaali\/wp-content\/uploads\/2015\/09\/akylogo-iso.png?resize=1024%2C1024&amp;ssl=1 1024w\" sizes=\"auto, (max-width: 150px) 100vw, 150px\" \/><\/p>\n\n\n\n<h2 class=\"wp-block-heading\">Iha uus askastelaine<\/h2>\n\n\n\n<p>Askaisten kyl\u00e4yhdistys antaa jokaiselle Askaisten alueella syntyv\u00e4lle vauvalle vauvabodyn, jossa teksti \u201dIha uus askastelaine\u201d.<\/p>\n\n\n\n<p>T\u00e4ll\u00e4 neuvolan kautta jaettavalla huomionosoituksella halutaan muistaa uusia kyl\u00e4l\u00e4isi\u00e4.<\/p>\n\n\n\n<p><img data-recalc-dims=\"1\" loading=\"lazy\" decoding=\"async\" width=\"150\" height=\"201\" data-attachment-id=\"8113\" data-permalink=\"https:\/\/www.askainen.fi\/portaali\/askaisten-kylayhdistys\/toiminta-2012\/ihauus2\" data-orig-file=\"https:\/\/i0.wp.com\/www.askainen.fi\/portaali\/wp-content\/uploads\/2020\/06\/Ihauus2.png?fit=300%2C402&amp;ssl=1\" data-orig-size=\"300,402\" data-comments-opened=\"0\" data-image-meta=\"{&quot;aperture&quot;:&quot;0&quot;,&quot;credit&quot;:&quot;&quot;,&quot;camera&quot;:&quot;&quot;,&quot;caption&quot;:&quot;&quot;,&quot;created_timestamp&quot;:&quot;0&quot;,&quot;copyright&quot;:&quot;&quot;,&quot;focal_length&quot;:&quot;0&quot;,&quot;iso&quot;:&quot;0&quot;,&quot;shutter_speed&quot;:&quot;0&quot;,&quot;title&quot;:&quot;&quot;,&quot;orientation&quot;:&quot;0&quot;}\" data-image-title=\"Ihauus2\" data-image-description=\"\" data-image-caption=\"&lt;p&gt;Iha uus askastelaine&lt;\/p&gt;\n\" data-large-file=\"https:\/\/i0.wp.com\/www.askainen.fi\/portaali\/wp-content\/uploads\/2020\/06\/Ihauus2.png?fit=300%2C402&amp;ssl=1\" class=\"wp-image-8113\" style=\"width: 150px;\" src=\"https:\/\/i0.wp.com\/www.askainen.fi\/portaali\/wp-content\/uploads\/2020\/06\/Ihauus2.png?resize=150%2C201&#038;ssl=1\" alt=\"\" srcset=\"https:\/\/i0.wp.com\/www.askainen.fi\/portaali\/wp-content\/uploads\/2020\/06\/Ihauus2.png?w=300&amp;ssl=1 300w, https:\/\/i0.wp.com\/www.askainen.fi\/portaali\/wp-content\/uploads\/2020\/06\/Ihauus2.png?resize=224%2C300&amp;ssl=1 224w\" sizes=\"auto, (max-width: 150px) 100vw, 150px\" \/><\/p>\n\n\n\n<p><\/p>\n\n\n\n<h2 class=\"wp-block-heading\">Varsinais-Suomen Vuoden kyl\u00e4 2022 kilpailu<\/h2>\n\n\n\n<p>Askainen oli ehdokkaana vuoden kyl\u00e4ksi Varsinais-Suomessa ja my\u00f6s voitti! Voiton my\u00f6t\u00e4 kilpailimme my\u00f6s koko Suomen vuoden kyl\u00e4n tittelist\u00e4.<\/p>\n\n\n\n<iframe loading=\"lazy\" width=\"560\" height=\"315\" src=\"https:\/\/www.youtube.com\/embed\/gTfYbZusM9Y?si=PBK6I-S3mxFAxIKj\" title=\"YouTube video player\" frameborder=\"0\" allow=\"accelerometer; autoplay; clipboard-write; encrypted-media; gyroscope; picture-in-picture; web-share\" allowfullscreen><\/iframe>\n","protected":false},"excerpt":{"rendered":"<p>Monipuolinen toiminta takaa kaikille jotain tekemist\u00e4. P\u00e4\u00e4paino on Askaisissa j\u00e4rjestett\u00e4v\u00e4ss\u00e4 toiminnassa unohtamatta yhteisty\u00f6t\u00e4 kunnan muiden yhdistysten kanssa. Kyl\u00e4yhdistys auttaa talkoovoimin pit\u00e4m\u00e4\u00e4n kyl\u00e4n\u00a0el\u00e4v\u00e4n\u00e4 ja ymp\u00e4rist\u00f6n hoidettuna. Toimintamme\u00a0on monipuolista. toritoiminnan ja kahvikioskin &hellip; <\/p>\n<p class=\"link-more\"><a href=\"https:\/\/www.askainen.fi\/portaali\/askaisten-kylayhdistys\/toiminta-2012\" class=\"more-link\">Jatka lukemista<span class=\"screen-reader-text\"> &#8221;Askaisten kyl\u00e4yhdistyksen toimintaa&#8221;<\/span><\/a><\/p>\n","protected":false},"author":1,"featured_media":0,"parent":11,"menu_order":0,"comment_status":"open","ping_status":"open","template":"","meta":{"footnotes":""},"class_list":["post-33","page","type-page","status-publish","hentry"],"jetpack_sharing_enabled":true,"jetpack_likes_enabled":true,"_links":{"self":[{"href":"https:\/\/www.askainen.fi\/portaali\/wp-json\/wp\/v2\/pages\/33","targetHints":{"allow":["GET"]}}],"collection":[{"href":"https:\/\/www.askainen.fi\/portaali\/wp-json\/wp\/v2\/pages"}],"about":[{"href":"https:\/\/www.askainen.fi\/portaali\/wp-json\/wp\/v2\/types\/page"}],"author":[{"embeddable":true,"href":"https:\/\/www.askainen.fi\/portaali\/wp-json\/wp\/v2\/users\/1"}],"replies":[{"embeddable":true,"href":"https:\/\/www.askainen.fi\/portaali\/wp-json\/wp\/v2\/comments?post=33"}],"version-history":[{"count":2,"href":"https:\/\/www.askainen.fi\/portaali\/wp-json\/wp\/v2\/pages\/33\/revisions"}],"predecessor-version":[{"id":8702,"href":"https:\/\/www.askainen.fi\/portaali\/wp-json\/wp\/v2\/pages\/33\/revisions\/8702"}],"up":[{"embeddable":true,"href":"https:\/\/www.askainen.fi\/portaali\/wp-json\/wp\/v2\/pages\/11"}],"wp:attachment":[{"href":"https:\/\/www.askainen.fi\/portaali\/wp-json\/wp\/v2\/media?parent=33"}],"curies":[{"name":"wp","href":"https:\/\/api.w.org\/{rel}","templated":true}]}}