{"id":1202,"date":"2014-04-06T20:59:32","date_gmt":"2014-04-06T17:59:32","guid":{"rendered":"http:\/\/www.askainen.fi\/portaali\/?page_id=1202"},"modified":"2020-05-15T18:19:18","modified_gmt":"2020-05-15T15:19:18","slug":"avoimet-kylat","status":"publish","type":"page","link":"https:\/\/www.askainen.fi\/portaali\/tapahtumat\/avoimet-kylat","title":{"rendered":"Avoimet kyl\u00e4t-p\u00e4iv\u00e4"},"content":{"rendered":"<h2><em>Tapahtuman j\u00e4rjest\u00e4v\u00e4t Onni kutsuu kyl\u00e4\u00e4n -hanke yhteisty\u00f6ss\u00e4 SataKyl\u00e4t ry:n ja Varsinais-Suomen Kyl\u00e4t ry:n kanssa. Kylien ohjelmasta ja tapahtumista vastaavat itse kylien aktiiviset yhdistykset ja asukkaat.<\/em><\/h2>\n<p><a href=\"https:\/\/i0.wp.com\/www.askainen.fi\/portaali\/wp-content\/uploads\/2014\/04\/uutiseen.png\"><img data-recalc-dims=\"1\" loading=\"lazy\" decoding=\"async\" data-attachment-id=\"1209\" data-permalink=\"https:\/\/www.askainen.fi\/portaali\/tapahtumat\/avoimet-kylat\/uutiseen\" data-orig-file=\"https:\/\/i0.wp.com\/www.askainen.fi\/portaali\/wp-content\/uploads\/2014\/04\/uutiseen.png?fit=620%2C380&amp;ssl=1\" data-orig-size=\"620,380\" data-comments-opened=\"0\" data-image-meta=\"{&quot;aperture&quot;:&quot;0&quot;,&quot;credit&quot;:&quot;&quot;,&quot;camera&quot;:&quot;&quot;,&quot;caption&quot;:&quot;&quot;,&quot;created_timestamp&quot;:&quot;0&quot;,&quot;copyright&quot;:&quot;&quot;,&quot;focal_length&quot;:&quot;0&quot;,&quot;iso&quot;:&quot;0&quot;,&quot;shutter_speed&quot;:&quot;0&quot;,&quot;title&quot;:&quot;&quot;,&quot;orientation&quot;:&quot;0&quot;}\" data-image-title=\"uutiseen\" data-image-description=\"\" data-image-caption=\"\" data-large-file=\"https:\/\/i0.wp.com\/www.askainen.fi\/portaali\/wp-content\/uploads\/2014\/04\/uutiseen.png?fit=525%2C322&amp;ssl=1\" class=\"alignleft size-thumbnail wp-image-1209\" src=\"https:\/\/i0.wp.com\/www.askainen.fi\/portaali\/wp-content\/uploads\/2014\/04\/uutiseen-150x150.png?resize=150%2C150\" alt=\"uutiseen\" width=\"150\" height=\"150\" srcset=\"https:\/\/i0.wp.com\/www.askainen.fi\/portaali\/wp-content\/uploads\/2014\/04\/uutiseen.png?resize=150%2C150&amp;ssl=1 150w, https:\/\/i0.wp.com\/www.askainen.fi\/portaali\/wp-content\/uploads\/2014\/04\/uutiseen.png?resize=250%2C250&amp;ssl=1 250w, https:\/\/i0.wp.com\/www.askainen.fi\/portaali\/wp-content\/uploads\/2014\/04\/uutiseen.png?resize=100%2C100&amp;ssl=1 100w, https:\/\/i0.wp.com\/www.askainen.fi\/portaali\/wp-content\/uploads\/2014\/04\/uutiseen.png?zoom=2&amp;resize=150%2C150&amp;ssl=1 300w, https:\/\/i0.wp.com\/www.askainen.fi\/portaali\/wp-content\/uploads\/2014\/04\/uutiseen.png?zoom=3&amp;resize=150%2C150&amp;ssl=1 450w\" sizes=\"auto, (max-width: 150px) 100vw, 150px\" \/><\/a>Avoimet Kyl\u00e4t -p\u00e4iv\u00e4n\u00e4 kes\u00e4kuun alkup\u00e4ivin\u00e4 on luvassa toimintaa ja avoimia ovia kymmeniss\u00e4 kyliss\u00e4. P\u00e4iv\u00e4n aikana on mahdollisuus poiketa l\u00e4hikylill\u00e4, tutustua itselle viel\u00e4 vieraisiin kyliin tai tehd\u00e4 vaikkapa koko p\u00e4iv\u00e4n kiertoajelu maaseudun tai saariston maisemiin kev\u00e4isten tapahtumien ja k\u00e4yntikohteiden merkeiss\u00e4! Kohteita on avoinna aina Pohjois-Satakunnasta Varsinais-Suomen saaristoon!<\/p>\n<p>Tutustu kohteisiin ja ohjelmiin\u00a0<a title=\"Avoimet kyl\u00e4t\" href=\"http:\/\/www.onnikutsuukylaan.fi\/uutiset\/satakunta\/avoimet-kylat-paivassa-264-ohjelmaa-lahes-60-kylalla tai\" target=\"_blank\" rel=\"noopener noreferrer\">Avoimet kyl\u00e4t-kotisivuilla<\/a>\u00a0tai\u00a0<a title=\"Facebook\" href=\"https:\/\/www.facebook.com\/events\/238600529659335\/?ref=22\" target=\"_blank\" rel=\"noopener noreferrer\">Facebookissa<\/a><\/p>\n<p><a href=\"http:\/\/www.askainen.fi\/portaali\/wp-content\/uploads\/2014\/04\/Avoimet_Kyl\u00e4t_karttaesite_2014.pdf\">Avoimet kyl\u00e4t karttaesite 2014 <\/a><\/p>\n<p>HUOM! 2020 Avoimet kyl\u00e4t-p\u00e4iv\u00e4\u00e4 ei j\u00e4rjestet\u00e4 korona-pandemian vuoksi.<\/p>\n","protected":false},"excerpt":{"rendered":"<p>Tapahtuman j\u00e4rjest\u00e4v\u00e4t Onni kutsuu kyl\u00e4\u00e4n -hanke yhteisty\u00f6ss\u00e4 SataKyl\u00e4t ry:n ja Varsinais-Suomen Kyl\u00e4t ry:n kanssa. Kylien ohjelmasta ja tapahtumista vastaavat itse kylien aktiiviset yhdistykset ja asukkaat. Avoimet Kyl\u00e4t -p\u00e4iv\u00e4n\u00e4 kes\u00e4kuun alkup\u00e4ivin\u00e4 &hellip; <\/p>\n<p class=\"link-more\"><a href=\"https:\/\/www.askainen.fi\/portaali\/tapahtumat\/avoimet-kylat\" class=\"more-link\">Jatka lukemista<span class=\"screen-reader-text\"> &#8221;Avoimet kyl\u00e4t-p\u00e4iv\u00e4&#8221;<\/span><\/a><\/p>\n","protected":false},"author":1,"featured_media":1209,"parent":51,"menu_order":2,"comment_status":"closed","ping_status":"closed","template":"","meta":{"footnotes":""},"class_list":["post-1202","page","type-page","status-publish","has-post-thumbnail","hentry"],"jetpack_sharing_enabled":true,"jetpack_likes_enabled":true,"_links":{"self":[{"href":"https:\/\/www.askainen.fi\/portaali\/wp-json\/wp\/v2\/pages\/1202","targetHints":{"allow":["GET"]}}],"collection":[{"href":"https:\/\/www.askainen.fi\/portaali\/wp-json\/wp\/v2\/pages"}],"about":[{"href":"https:\/\/www.askainen.fi\/portaali\/wp-json\/wp\/v2\/types\/page"}],"author":[{"embeddable":true,"href":"https:\/\/www.askainen.fi\/portaali\/wp-json\/wp\/v2\/users\/1"}],"replies":[{"embeddable":true,"href":"https:\/\/www.askainen.fi\/portaali\/wp-json\/wp\/v2\/comments?post=1202"}],"version-history":[{"count":0,"href":"https:\/\/www.askainen.fi\/portaali\/wp-json\/wp\/v2\/pages\/1202\/revisions"}],"up":[{"embeddable":true,"href":"https:\/\/www.askainen.fi\/portaali\/wp-json\/wp\/v2\/pages\/51"}],"wp:featuredmedia":[{"embeddable":true,"href":"https:\/\/www.askainen.fi\/portaali\/wp-json\/wp\/v2\/media\/1209"}],"wp:attachment":[{"href":"https:\/\/www.askainen.fi\/portaali\/wp-json\/wp\/v2\/media?parent=1202"}],"curies":[{"name":"wp","href":"https:\/\/api.w.org\/{rel}","templated":true}]}}